{"id":5025,"date":"2022-11-15T18:30:32","date_gmt":"2022-11-15T21:30:32","guid":{"rendered":"https:\/\/baraokobo.com.br\/novosite\/?post_type=product&#038;p=5025"},"modified":"2024-02-05T19:12:43","modified_gmt":"2024-02-05T22:12:43","slug":"mini-eiko","status":"publish","type":"product","link":"https:\/\/baraokobo.com.br\/novosite\/product\/mini-eiko\/","title":{"rendered":"MINI EIKO"},"content":{"rendered":"","protected":false},"excerpt":{"rendered":"<p>O odor de flor de ameixeira valorizado pela redu\u00e7\u00e3o da sa\u00edda de fuma\u00e7a.<\/p>\n<p>C\u00d3DIGO: 011<br \/>\nCOR DO INCENSO: Violeta<br \/>\nQUANTIDADE APROX.: 180 incensos<br \/>\nPESO L\u00cdQUIDO: 100g<br \/>\nMEDIDA DA CAIXA: 15,3 x 6,5 x 3,5cm<br \/>\nCOMPRIMENTO: 13,5cm<br \/>\nTEMPO DE QUEIMA: 30 minutos<\/p>\n","protected":false},"featured_media":5495,"template":"","meta":[],"product_brand":[],"product_cat":[80],"product_tag":[],"class_list":["post-5025","product","type-product","status-publish","has-post-thumbnail","product_cat-incensos-tradicionais","first","onbackorder","virtual","product-type-simple"],"aioseo_notices":[],"aioseo_head":"\n\t\t<!-- All in One SEO 5.0.1.1 - aioseo.com -->\n\t<meta name=\"description\" content=\"O odor de flor de ameixeira valorizado pela redu\u00e7\u00e3o da sa\u00edda de fuma\u00e7a. C\u00d3DIGO: 011 COR DO INCENSO: Violeta QUANTIDADE APROX.: 180 incensos PESO L\u00cdQUIDO: 100g MEDIDA DA CAIXA: 15,3 x 6,5 x 3,5cm COMPRIMENTO: 13,5cm TEMPO DE QUEIMA: 30 minutos\" \/>\n\t<meta name=\"robots\" content=\"max-image-preview:large\" \/>\n\t<link rel=\"canonical\" href=\"https:\/\/baraokobo.com.br\/novosite\/product\/mini-eiko\/\" \/>\n\t<meta name=\"generator\" content=\"All in One SEO (AIOSEO) 5.0.1.1\" \/>\n\t\t<meta property=\"og:locale\" content=\"pt_BR\" \/>\n\t\t<meta property=\"og:site_name\" content=\"Bar\u00e3o Kobo -\" \/>\n\t\t<meta property=\"og:type\" content=\"article\" \/>\n\t\t<meta property=\"og:title\" content=\"MINI EIKO - Bar\u00e3o Kobo\" \/>\n\t\t<meta property=\"og:description\" content=\"O odor de flor de ameixeira valorizado pela redu\u00e7\u00e3o da sa\u00edda de fuma\u00e7a. C\u00d3DIGO: 011 COR DO INCENSO: Violeta QUANTIDADE APROX.: 180 incensos PESO L\u00cdQUIDO: 100g MEDIDA DA CAIXA: 15,3 x 6,5 x 3,5cm COMPRIMENTO: 13,5cm TEMPO DE QUEIMA: 30 minutos\" \/>\n\t\t<meta property=\"og:url\" content=\"https:\/\/baraokobo.com.br\/novosite\/product\/mini-eiko\/\" \/>\n\t\t<meta property=\"article:published_time\" content=\"2022-11-15T21:30:32+00:00\" \/>\n\t\t<meta property=\"article:modified_time\" content=\"2024-02-05T22:12:43+00:00\" \/>\n\t\t<meta name=\"twitter:card\" content=\"summary_large_image\" \/>\n\t\t<meta name=\"twitter:title\" content=\"MINI EIKO - Bar\u00e3o Kobo\" \/>\n\t\t<meta name=\"twitter:description\" content=\"O odor de flor de ameixeira valorizado pela redu\u00e7\u00e3o da sa\u00edda de fuma\u00e7a. C\u00d3DIGO: 011 COR DO INCENSO: Violeta QUANTIDADE APROX.: 180 incensos PESO L\u00cdQUIDO: 100g MEDIDA DA CAIXA: 15,3 x 6,5 x 3,5cm COMPRIMENTO: 13,5cm TEMPO DE QUEIMA: 30 minutos\" \/>\n\t\t<script type=\"application\/ld+json\" class=\"aioseo-schema\">\n\t\t\t{\"@context\":\"https:\\\/\\\/schema.org\",\"@graph\":[{\"@type\":\"BreadcrumbList\",\"@id\":\"https:\\\/\\\/baraokobo.com.br\\\/novosite\\\/product\\\/mini-eiko\\\/#breadcrumblist\",\"itemListElement\":[{\"@type\":\"ListItem\",\"@id\":\"https:\\\/\\\/baraokobo.com.br\\\/novosite#listItem\",\"position\":1,\"name\":\"Home\",\"item\":\"https:\\\/\\\/baraokobo.com.br\\\/novosite\",\"nextItem\":{\"@type\":\"ListItem\",\"@id\":\"https:\\\/\\\/baraokobo.com.br\\\/novosite\\\/catalogo\\\/#listItem\",\"name\":\"Cat\\u00e1logo\"}},{\"@type\":\"ListItem\",\"@id\":\"https:\\\/\\\/baraokobo.com.br\\\/novosite\\\/catalogo\\\/#listItem\",\"position\":2,\"name\":\"Cat\\u00e1logo\",\"item\":\"https:\\\/\\\/baraokobo.com.br\\\/novosite\\\/catalogo\\\/\",\"nextItem\":{\"@type\":\"ListItem\",\"@id\":\"https:\\\/\\\/baraokobo.com.br\\\/novosite\\\/product-category\\\/incensos-tradicionais\\\/#listItem\",\"name\":\"Incensos Tradicionais\"},\"previousItem\":{\"@type\":\"ListItem\",\"@id\":\"https:\\\/\\\/baraokobo.com.br\\\/novosite#listItem\",\"name\":\"Home\"}},{\"@type\":\"ListItem\",\"@id\":\"https:\\\/\\\/baraokobo.com.br\\\/novosite\\\/product-category\\\/incensos-tradicionais\\\/#listItem\",\"position\":3,\"name\":\"Incensos Tradicionais\",\"item\":\"https:\\\/\\\/baraokobo.com.br\\\/novosite\\\/product-category\\\/incensos-tradicionais\\\/\",\"nextItem\":{\"@type\":\"ListItem\",\"@id\":\"https:\\\/\\\/baraokobo.com.br\\\/novosite\\\/product\\\/mini-eiko\\\/#listItem\",\"name\":\"MINI EIKO\"},\"previousItem\":{\"@type\":\"ListItem\",\"@id\":\"https:\\\/\\\/baraokobo.com.br\\\/novosite\\\/catalogo\\\/#listItem\",\"name\":\"Cat\\u00e1logo\"}},{\"@type\":\"ListItem\",\"@id\":\"https:\\\/\\\/baraokobo.com.br\\\/novosite\\\/product\\\/mini-eiko\\\/#listItem\",\"position\":4,\"name\":\"MINI EIKO\",\"previousItem\":{\"@type\":\"ListItem\",\"@id\":\"https:\\\/\\\/baraokobo.com.br\\\/novosite\\\/product-category\\\/incensos-tradicionais\\\/#listItem\",\"name\":\"Incensos Tradicionais\"}}]},{\"@type\":\"ItemPage\",\"@id\":\"https:\\\/\\\/baraokobo.com.br\\\/novosite\\\/product\\\/mini-eiko\\\/#itempage\",\"url\":\"https:\\\/\\\/baraokobo.com.br\\\/novosite\\\/product\\\/mini-eiko\\\/\",\"name\":\"MINI EIKO - Bar\\u00e3o Kobo\",\"description\":\"O odor de flor de ameixeira valorizado pela redu\\u00e7\\u00e3o da sa\\u00edda de fuma\\u00e7a. C\\u00d3DIGO: 011 COR DO INCENSO: Violeta QUANTIDADE APROX.: 180 incensos PESO L\\u00cdQUIDO: 100g MEDIDA DA CAIXA: 15,3 x 6,5 x 3,5cm COMPRIMENTO: 13,5cm TEMPO DE QUEIMA: 30 minutos\",\"inLanguage\":\"pt-BR\",\"isPartOf\":{\"@id\":\"https:\\\/\\\/baraokobo.com.br\\\/novosite\\\/#website\"},\"breadcrumb\":{\"@id\":\"https:\\\/\\\/baraokobo.com.br\\\/novosite\\\/product\\\/mini-eiko\\\/#breadcrumblist\"},\"image\":{\"@type\":\"ImageObject\",\"url\":\"https:\\\/\\\/baraokobo.com.br\\\/novosite\\\/wp-content\\\/uploads\\\/2022\\\/11\\\/09-Mini-Eiko.webp\",\"@id\":\"https:\\\/\\\/baraokobo.com.br\\\/novosite\\\/product\\\/mini-eiko\\\/#mainImage\",\"width\":378,\"height\":378},\"primaryImageOfPage\":{\"@id\":\"https:\\\/\\\/baraokobo.com.br\\\/novosite\\\/product\\\/mini-eiko\\\/#mainImage\"},\"datePublished\":\"2022-11-15T18:30:32-03:00\",\"dateModified\":\"2024-02-05T19:12:43-03:00\"},{\"@type\":\"Organization\",\"@id\":\"https:\\\/\\\/baraokobo.com.br\\\/novosite\\\/#organization\",\"name\":\"Bar\\u00e3o Kobo\",\"url\":\"https:\\\/\\\/baraokobo.com.br\\\/novosite\\\/\"},{\"@type\":\"WebSite\",\"@id\":\"https:\\\/\\\/baraokobo.com.br\\\/novosite\\\/#website\",\"url\":\"https:\\\/\\\/baraokobo.com.br\\\/novosite\\\/\",\"name\":\"Bar\\u00e3o Kobo\",\"inLanguage\":\"pt-BR\",\"publisher\":{\"@id\":\"https:\\\/\\\/baraokobo.com.br\\\/novosite\\\/#organization\"}}]}\n\t\t<\/script>\n\t\t<!-- All in One SEO -->\n\n","aioseo_head_json":{"title":"MINI EIKO - Bar\u00e3o Kobo","description":"O odor de flor de ameixeira valorizado pela redu\u00e7\u00e3o da sa\u00edda de fuma\u00e7a. C\u00d3DIGO: 011 COR DO INCENSO: Violeta QUANTIDADE APROX.: 180 incensos PESO L\u00cdQUIDO: 100g MEDIDA DA CAIXA: 15,3 x 6,5 x 3,5cm COMPRIMENTO: 13,5cm TEMPO DE QUEIMA: 30 minutos","canonical_url":"https:\/\/baraokobo.com.br\/novosite\/product\/mini-eiko\/","robots":"max-image-preview:large","keywords":"","webmasterTools":{"miscellaneous":""},"schema":{"@context":"https:\/\/schema.org","@graph":[{"@type":"BreadcrumbList","@id":"https:\/\/baraokobo.com.br\/novosite\/product\/mini-eiko\/#breadcrumblist","itemListElement":[{"@type":"ListItem","@id":"https:\/\/baraokobo.com.br\/novosite#listItem","position":1,"name":"Home","item":"https:\/\/baraokobo.com.br\/novosite","nextItem":{"@type":"ListItem","@id":"https:\/\/baraokobo.com.br\/novosite\/catalogo\/#listItem","name":"Cat\u00e1logo"}},{"@type":"ListItem","@id":"https:\/\/baraokobo.com.br\/novosite\/catalogo\/#listItem","position":2,"name":"Cat\u00e1logo","item":"https:\/\/baraokobo.com.br\/novosite\/catalogo\/","nextItem":{"@type":"ListItem","@id":"https:\/\/baraokobo.com.br\/novosite\/product-category\/incensos-tradicionais\/#listItem","name":"Incensos Tradicionais"},"previousItem":{"@type":"ListItem","@id":"https:\/\/baraokobo.com.br\/novosite#listItem","name":"Home"}},{"@type":"ListItem","@id":"https:\/\/baraokobo.com.br\/novosite\/product-category\/incensos-tradicionais\/#listItem","position":3,"name":"Incensos Tradicionais","item":"https:\/\/baraokobo.com.br\/novosite\/product-category\/incensos-tradicionais\/","nextItem":{"@type":"ListItem","@id":"https:\/\/baraokobo.com.br\/novosite\/product\/mini-eiko\/#listItem","name":"MINI EIKO"},"previousItem":{"@type":"ListItem","@id":"https:\/\/baraokobo.com.br\/novosite\/catalogo\/#listItem","name":"Cat\u00e1logo"}},{"@type":"ListItem","@id":"https:\/\/baraokobo.com.br\/novosite\/product\/mini-eiko\/#listItem","position":4,"name":"MINI EIKO","previousItem":{"@type":"ListItem","@id":"https:\/\/baraokobo.com.br\/novosite\/product-category\/incensos-tradicionais\/#listItem","name":"Incensos Tradicionais"}}]},{"@type":"ItemPage","@id":"https:\/\/baraokobo.com.br\/novosite\/product\/mini-eiko\/#itempage","url":"https:\/\/baraokobo.com.br\/novosite\/product\/mini-eiko\/","name":"MINI EIKO - Bar\u00e3o Kobo","description":"O odor de flor de ameixeira valorizado pela redu\u00e7\u00e3o da sa\u00edda de fuma\u00e7a. C\u00d3DIGO: 011 COR DO INCENSO: Violeta QUANTIDADE APROX.: 180 incensos PESO L\u00cdQUIDO: 100g MEDIDA DA CAIXA: 15,3 x 6,5 x 3,5cm COMPRIMENTO: 13,5cm TEMPO DE QUEIMA: 30 minutos","inLanguage":"pt-BR","isPartOf":{"@id":"https:\/\/baraokobo.com.br\/novosite\/#website"},"breadcrumb":{"@id":"https:\/\/baraokobo.com.br\/novosite\/product\/mini-eiko\/#breadcrumblist"},"image":{"@type":"ImageObject","url":"https:\/\/baraokobo.com.br\/novosite\/wp-content\/uploads\/2022\/11\/09-Mini-Eiko.webp","@id":"https:\/\/baraokobo.com.br\/novosite\/product\/mini-eiko\/#mainImage","width":378,"height":378},"primaryImageOfPage":{"@id":"https:\/\/baraokobo.com.br\/novosite\/product\/mini-eiko\/#mainImage"},"datePublished":"2022-11-15T18:30:32-03:00","dateModified":"2024-02-05T19:12:43-03:00"},{"@type":"Organization","@id":"https:\/\/baraokobo.com.br\/novosite\/#organization","name":"Bar\u00e3o Kobo","url":"https:\/\/baraokobo.com.br\/novosite\/"},{"@type":"WebSite","@id":"https:\/\/baraokobo.com.br\/novosite\/#website","url":"https:\/\/baraokobo.com.br\/novosite\/","name":"Bar\u00e3o Kobo","inLanguage":"pt-BR","publisher":{"@id":"https:\/\/baraokobo.com.br\/novosite\/#organization"}}]},"og:locale":"pt_BR","og:site_name":"Bar\u00e3o Kobo -","og:type":"article","og:title":"MINI EIKO - Bar\u00e3o Kobo","og:description":"O odor de flor de ameixeira valorizado pela redu\u00e7\u00e3o da sa\u00edda de fuma\u00e7a. C\u00d3DIGO: 011 COR DO INCENSO: Violeta QUANTIDADE APROX.: 180 incensos PESO L\u00cdQUIDO: 100g MEDIDA DA CAIXA: 15,3 x 6,5 x 3,5cm COMPRIMENTO: 13,5cm TEMPO DE QUEIMA: 30 minutos","og:url":"https:\/\/baraokobo.com.br\/novosite\/product\/mini-eiko\/","article:published_time":"2022-11-15T21:30:32+00:00","article:modified_time":"2024-02-05T22:12:43+00:00","twitter:card":"summary_large_image","twitter:title":"MINI EIKO - Bar\u00e3o Kobo","twitter:description":"O odor de flor de ameixeira valorizado pela redu\u00e7\u00e3o da sa\u00edda de fuma\u00e7a. C\u00d3DIGO: 011 COR DO INCENSO: Violeta QUANTIDADE APROX.: 180 incensos PESO L\u00cdQUIDO: 100g MEDIDA DA CAIXA: 15,3 x 6,5 x 3,5cm COMPRIMENTO: 13,5cm TEMPO DE QUEIMA: 30 minutos"},"aioseo_meta_data":{"post_id":"5025","title":null,"description":null,"keywords":[],"keyphrases":{"focus":{"keyphrase":"","score":0,"analysis":{"keyphraseInTitle":{"score":0,"maxScore":9,"error":1}}},"additional":[]},"primary_term":null,"canonical_url":null,"og_title":null,"og_description":null,"og_object_type":"default","og_image_type":"default","og_image_url":null,"og_image_width":null,"og_image_height":null,"og_image_custom_url":null,"og_image_custom_fields":null,"og_video":"","og_custom_url":null,"og_article_section":null,"og_article_tags":[],"twitter_use_og":false,"twitter_card":"default","twitter_image_type":"default","twitter_image_url":null,"twitter_image_custom_url":null,"twitter_image_custom_fields":null,"twitter_title":null,"twitter_description":null,"schema":{"blockGraphs":[],"customGraphs":[],"default":{"data":{"Article":[],"Course":[],"Dataset":[],"FAQPage":[],"Movie":[],"Person":[],"Product":[],"ProductReview":[],"Car":[],"Recipe":[],"Service":[],"SoftwareApplication":[],"WebPage":[]},"graphName":"ItemPage","isEnabled":true},"graphs":[]},"schema_type":"default","schema_type_options":null,"pillar_content":false,"robots_default":true,"robots_noindex":false,"robots_noarchive":false,"robots_nosnippet":false,"robots_nofollow":false,"robots_noimageindex":false,"robots_noodp":false,"robots_notranslate":false,"robots_max_snippet":"-1","robots_max_videopreview":"-1","robots_max_imagepreview":"large","priority":null,"frequency":"default","local_seo":null,"breadcrumb_settings":null,"limit_modified_date":false,"ai":null,"created":"2023-11-16 03:09:42","updated":"2025-06-03 21:28:48","seo_analyzer_scan_date":null,"focus_keyword":null,"additional_keywords":null,"truseo_locale":null},"aioseo_breadcrumb":"<div class=\"aioseo-breadcrumbs\"><span class=\"aioseo-breadcrumb\">\n\t\t\t<a href=\"https:\/\/baraokobo.com.br\/novosite\" title=\"Home\">Home<\/a>\n\t\t<\/span><span class=\"aioseo-breadcrumb-separator\">&raquo;<\/span><span class=\"aioseo-breadcrumb\">\n\t\t\t<a href=\"https:\/\/baraokobo.com.br\/novosite\/catalogo\/\" title=\"Cat\u00e1logo\">Cat\u00e1logo<\/a>\n\t\t<\/span><span class=\"aioseo-breadcrumb-separator\">&raquo;<\/span><span class=\"aioseo-breadcrumb\">\n\t\t\t<a href=\"https:\/\/baraokobo.com.br\/novosite\/product-category\/incensos-tradicionais\/\" title=\"Incensos Tradicionais\">Incensos Tradicionais<\/a>\n\t\t<\/span><span class=\"aioseo-breadcrumb-separator\">&raquo;<\/span><span class=\"aioseo-breadcrumb\">\n\t\t\tMINI EIKO\n\t\t<\/span><\/div>","aioseo_breadcrumb_json":[{"label":"Home","link":"https:\/\/baraokobo.com.br\/novosite"},{"label":"Cat\u00e1logo","link":"https:\/\/baraokobo.com.br\/novosite\/catalogo\/"},{"label":"Incensos Tradicionais","link":"https:\/\/baraokobo.com.br\/novosite\/product-category\/incensos-tradicionais\/"},{"label":"MINI EIKO","link":"https:\/\/baraokobo.com.br\/novosite\/product\/mini-eiko\/"}],"_links":{"self":[{"href":"https:\/\/baraokobo.com.br\/novosite\/wp-json\/wp\/v2\/product\/5025","targetHints":{"allow":["GET"]}}],"collection":[{"href":"https:\/\/baraokobo.com.br\/novosite\/wp-json\/wp\/v2\/product"}],"about":[{"href":"https:\/\/baraokobo.com.br\/novosite\/wp-json\/wp\/v2\/types\/product"}],"wp:featuredmedia":[{"embeddable":true,"href":"https:\/\/baraokobo.com.br\/novosite\/wp-json\/wp\/v2\/media\/5495"}],"wp:attachment":[{"href":"https:\/\/baraokobo.com.br\/novosite\/wp-json\/wp\/v2\/media?parent=5025"}],"wp:term":[{"taxonomy":"product_brand","embeddable":true,"href":"https:\/\/baraokobo.com.br\/novosite\/wp-json\/wp\/v2\/product_brand?post=5025"},{"taxonomy":"product_cat","embeddable":true,"href":"https:\/\/baraokobo.com.br\/novosite\/wp-json\/wp\/v2\/product_cat?post=5025"},{"taxonomy":"product_tag","embeddable":true,"href":"https:\/\/baraokobo.com.br\/novosite\/wp-json\/wp\/v2\/product_tag?post=5025"}],"curies":[{"name":"wp","href":"https:\/\/api.w.org\/{rel}","templated":true}]}}